{"id":18405,"date":"2014-12-01T12:27:40","date_gmt":"2014-12-01T11:27:40","guid":{"rendered":"http:\/\/grete.duna.no\/blog\/?page_id=18405"},"modified":"2015-10-21T08:37:10","modified_gmt":"2015-10-21T06:37:10","slug":"til-grete-fra-mamma-og-pappa","status":"publish","type":"page","link":"https:\/\/grete.duna.no\/blog\/grete\/bryllupet-vart\/til-grete-fra-mamma-og-pappa\/","title":{"rendered":"Til Grete fra mamma og pappa"},"content":{"rendered":"<p>Til Grete p\u00e5 bryllupsdagen<br \/>\n(Mel.: Fjellveien)<\/p>\n<p>Grete lykkelig og gla&#8217;<br \/>\nav sin Olav har f\u00e5tt &#8220;Ja&#8221;<br \/>\nDe er str\u00e5lende i dag som brud og brudgom.<br \/>\nF\u00f8rst tvillinger de fikk<br \/>\ns\u00e5 til kirken veien gikk<br \/>\nLykkelig de er &#8211; det vil vi riktig feire!<\/p>\n<p>La oss ta et resym\u00e9:<br \/>\nDu v\u00e5r f\u00f8rstef\u00f8dte ble<br \/>\nog vi syntes at v\u00e5r lykke var fullkommen<br \/>\nVerdens s\u00f8teste du var<br \/>\nsyntes b\u00e5de mor og far<br \/>\nog som myrsnipa vi syns det fortsatt jammen!<\/p>\n<p>En lilles\u00f8ster s\u00e5 du fikk<br \/>\nog vi husker din replikk,<br \/>\nannonsert fra v\u00e5r altan til buss-forsamling<br \/>\nOg de vinket og de lo<br \/>\nder s\u00e5 stolt og glad du sto, og ropte:<br \/>\n&#8220;Mamma er i by&#8217;n og kj\u00f8per baby&#8221;<\/p>\n<p>Dere lekte lo og sloss<br \/>\ndet var ikke lett for oss<br \/>\n\u00e5 alltid skulle v\u00e6re r\u00e5dgiver og megler<br \/>\nMen n\u00e5r n\u00e5 vi tar et blikk<br \/>\np\u00e5 hvordan det hele gikk<br \/>\nsier vi oss ganske n\u00f8yd med resultatet<\/p>\n<p>Din selvstendighet var stor<br \/>\ndet var ikke greit for mor<br \/>\n\u00e5 f\u00e5 bestemme det ene og det andre<br \/>\nMen fortrolig har vi v\u00e6rt<br \/>\nnoe som for oss er kj\u00e6rt<br \/>\nDette h\u00e5per vi vil aldri seg forandre.<\/p>\n<p>S\u00e5 fikk vi f\u00f8rst to barnebarn<br \/>\nMargrete, Fredrik &#8211; med sin sjarm<br \/>\ngikk oss rett til hjerte og har siden blitt der.<br \/>\nMen se hvordan det g\u00e5r til<br \/>\nn\u00e5r bare kj\u00e6rligheten vil<br \/>\nN\u00e5 har vi enda to sm\u00e5 nydelige gutter.<\/p>\n<p>Kj\u00e6re Grete vi m\u00e5 si<br \/>\nat du er ei heldig pi&#8217;<br \/>\nsom har f\u00e5tt en mann som Olav ved din side<br \/>\nAv erfaring vet vi n\u00e5<br \/>\nhan er kjernekar som f\u00e5<br \/>\nog det tror vi nok at ingen vill bestride.<\/p>\n<p>Himlen som i dag er bl\u00e5<br \/>\nskulle den en dag bli gr\u00e5<br \/>\ns\u00e5 v\u00e6r \u00e5penhjertig &#8211; snakk ut med hverandre<br \/>\nGi litt mere enn du f\u00e5r<br \/>\nda vil ekteskapets \u00e5r<br \/>\nbli mer lykkelig og veien lett \u00e5 vandre.<\/p>\n<p>Mamma og pappa<\/p>\n","protected":false},"excerpt":{"rendered":"<p>Til Grete p\u00e5 bryllupsdagen (Mel.: Fjellveien) Grete lykkelig og gla&#8217; av sin Olav har f\u00e5tt &#8220;Ja&#8221; De er str\u00e5lende i dag som brud og brudgom. F\u00f8rst tvillinger de fikk s\u00e5 til kirken veien gikk Lykkelig de er &#8211; det vil vi riktig feire! La oss ta et resym\u00e9: Du v\u00e5r f\u00f8rstef\u00f8dte ble og vi syntes &hellip; <a href=\"https:\/\/grete.duna.no\/blog\/grete\/bryllupet-vart\/til-grete-fra-mamma-og-pappa\/\" class=\"more-link\">Continue reading<span class=\"screen-reader-text\"> &#8220;Til Grete fra mamma og pappa&#8221;<\/span><\/a><\/p>\n","protected":false},"author":2,"featured_media":0,"parent":18400,"menu_order":0,"comment_status":"closed","ping_status":"closed","template":"","meta":[],"_links":{"self":[{"href":"https:\/\/grete.duna.no\/blog\/wp-json\/wp\/v2\/pages\/18405"}],"collection":[{"href":"https:\/\/grete.duna.no\/blog\/wp-json\/wp\/v2\/pages"}],"about":[{"href":"https:\/\/grete.duna.no\/blog\/wp-json\/wp\/v2\/types\/page"}],"author":[{"embeddable":true,"href":"https:\/\/grete.duna.no\/blog\/wp-json\/wp\/v2\/users\/2"}],"replies":[{"embeddable":true,"href":"https:\/\/grete.duna.no\/blog\/wp-json\/wp\/v2\/comments?post=18405"}],"version-history":[{"count":1,"href":"https:\/\/grete.duna.no\/blog\/wp-json\/wp\/v2\/pages\/18405\/revisions"}],"predecessor-version":[{"id":18406,"href":"https:\/\/grete.duna.no\/blog\/wp-json\/wp\/v2\/pages\/18405\/revisions\/18406"}],"up":[{"embeddable":true,"href":"https:\/\/grete.duna.no\/blog\/wp-json\/wp\/v2\/pages\/18400"}],"wp:attachment":[{"href":"https:\/\/grete.duna.no\/blog\/wp-json\/wp\/v2\/media?parent=18405"}],"curies":[{"name":"wp","href":"https:\/\/api.w.org\/{rel}","templated":true}]}}